{"id":5616,"date":"2021-05-14T19:53:02","date_gmt":"2021-05-14T19:53:02","guid":{"rendered":"http:\/\/trabada.gal\/?page_id=5616"},"modified":"2025-01-27T18:02:59","modified_gmt":"2025-01-27T17:02:59","slug":"eventos","status":"publish","type":"page","link":"https:\/\/trabada.gal\/gl\/eventos\/","title":{"rendered":"Eventos"},"content":{"rendered":"<div data-elementor-type=\"wp-page\" data-elementor-id=\"5616\" class=\"elementor elementor-5616\">\n\t\t\t\t\t\t<section class=\"elementor-section elementor-top-section elementor-element elementor-element-1572cf3 elementor-section-boxed elementor-section-height-default elementor-section-height-default\" data-id=\"1572cf3\" data-element_type=\"section\" data-e-type=\"section\">\n\t\t\t\t\t\t<div class=\"elementor-container elementor-column-gap-default\">\n\t\t\t\t\t<div class=\"elementor-column elementor-col-100 elementor-top-column elementor-element elementor-element-4d2ceaf\" data-id=\"4d2ceaf\" data-element_type=\"column\" data-e-type=\"column\">\n\t\t\t<div class=\"elementor-widget-wrap elementor-element-populated\">\n\t\t\t\t\t\t<div class=\"elementor-element elementor-element-6e53826 elementor-widget elementor-widget-ova_events_up\" data-id=\"6e53826\" data-element_type=\"widget\" data-e-type=\"widget\" data-widget_type=\"ova_events_up.default\">\n\t\t\t\t<div class=\"elementor-widget-container\">\n\t\t\t\t\t\n<div class=\"ovaev-event-element version_2 ovaev-event-upcoming\" >\n\t<div class=\"wp-content two_column\">\n\t\t\n<div class=\"ovaev-content content-grid content-up\">\n\t<div class=\"item\">\n\t\t\n<div class=\"date-event\">\n\n\t<span class=\"date second_font\">\n\t\t01\t<\/span>\n\n\t<span class=\"month-year second_font\">\n\n\t\t<span class=\"month\">\n\t\t\tFeb\t\t<\/span>\n\t\t\n\t\t<span class=\"year\">\n\t\t\t2025\t\t<\/span>\n\n\t<\/span>\n\n<\/div>\n\n\t\t<div class=\"desc desc-up\">\n\t\t\t\n<div class=\"event-thumbnail event-thumbnail_up\" style=\"background-image: url(https:\/\/trabada.gal\/wp-content\/uploads\/2025\/01\/TRABADA_REDES_CURSO_PODA-480x600.png);\">\n\t<a href=\"https:\/\/trabada.gal\/gl\/event\/curso-de-poda-da-asociacion-de-vecinos-de-san-julian-de-sante\/\" title=\"Curso de poda da Asociaci\u00f3n de Veci\u00f1os de San Juli\u00e1n de Sante\">\n\t<img fetchpriority=\"high\" decoding=\"async\" width=\"480\" height=\"600\" src=\"https:\/\/trabada.gal\/wp-content\/uploads\/2025\/01\/TRABADA_REDES_CURSO_PODA-480x600.png\" class=\"attachment-egovt_portfolio_thumb size-egovt_portfolio_thumb wp-post-image\" alt=\"\" srcset=\"https:\/\/trabada.gal\/wp-content\/uploads\/2025\/01\/TRABADA_REDES_CURSO_PODA-480x600.png 480w, https:\/\/trabada.gal\/wp-content\/uploads\/2025\/01\/TRABADA_REDES_CURSO_PODA-240x300.png 240w, https:\/\/trabada.gal\/wp-content\/uploads\/2025\/01\/TRABADA_REDES_CURSO_PODA-819x1024.png 819w, https:\/\/trabada.gal\/wp-content\/uploads\/2025\/01\/TRABADA_REDES_CURSO_PODA-768x960.png 768w, https:\/\/trabada.gal\/wp-content\/uploads\/2025\/01\/TRABADA_REDES_CURSO_PODA-10x12.png 10w, https:\/\/trabada.gal\/wp-content\/uploads\/2025\/01\/TRABADA_REDES_CURSO_PODA-448x560.png 448w, https:\/\/trabada.gal\/wp-content\/uploads\/2025\/01\/TRABADA_REDES_CURSO_PODA.png 1080w\" sizes=\"(max-width: 480px) 100vw, 480px\" \/><\/a>\n<\/div>\t\t\t<div class=\"event_post event_post_up\">\n\t\t\t\t\n<div class=\"post_cat\">\n\t<a class=\"event_type\" href=\"https:\/\/trabada.gal\/gl\/event_type\/talleres\/\">Talleres<\/a><\/div>\n\n\t\t\t\t\n<h2 class=\"second_font event_title\">\n\t<a href=\"https:\/\/trabada.gal\/gl\/event\/curso-de-poda-da-asociacion-de-vecinos-de-san-julian-de-sante\/\">\n\t\tCurso de poda da Asociaci\u00f3n de Veci\u00f1os de San Juli\u00e1n de Sante\t<\/a>\n<\/h2>\t\t\t\t\t\t\t\t\t<div class=\"time-event\">\n\t\t\t\t\t\t\t\t\t\t\t\t\t\t\t\n\t<div class=\"time equal-date\">\n\t\t<span class=\"icon-time\">\n\t\t\t<i data-feather=\"clock\"><\/i>\n\t\t\t<!-- <i class=\"far fa-clock icon_event\"><\/i> -->\n\t\t<\/span>\n\t\t<span class=\"time-date-child\">\n\t\t\t\t\t\t\t<span class=\"date-child\">\n\t\t\t\t\t1 de Febreiro de 2025 @\t\t\t\t<\/span>\n\t\t\t\t\t\t\t\t\t<span> 10:00 - <\/span>\n\t\t\t\t\t\t\t\t\t\t\t\t\t<span>23:00<\/span>\n\t\t\t\t\t\t\t\t\t<\/span>\n\t<\/div>\n\n\t\t\t\t\t\t\n\t\t\t\t\t<\/div>\n\t\t\t\t\t\t\t\t\n<div class=\"button_event\">\n\t<a class=\"view_detail second_font\" href=\"https:\/\/trabada.gal\/gl\/event\/curso-de-poda-da-asociacion-de-vecinos-de-san-julian-de-sante\/\">\n\t\tMore Details\t<\/a>\n<\/div>\t\t\t<\/div>\n\t\t<\/div>\n\t<\/div>\n<\/div>\n<div class=\"ovaev-content content-grid content-up\">\n\t<div class=\"item\">\n\t\t\n<div class=\"date-event\">\n\n\t<span class=\"date second_font\">\n\t\t23\t<\/span>\n\n\t<span class=\"month-year second_font\">\n\n\t\t<span class=\"month\">\n\t\t\tXu\u00f1\t\t<\/span>\n\t\t\n\t\t<span class=\"year\">\n\t\t\t2024\t\t<\/span>\n\n\t<\/span>\n\n<\/div>\n\n\t\t<div class=\"desc desc-up\">\n\t\t\t\n<div class=\"event-thumbnail event-thumbnail_up\" style=\"background-image: url(https:\/\/trabada.gal\/wp-content\/uploads\/2024\/10\/senderismo.jpg);\">\n\t<a href=\"https:\/\/trabada.gal\/gl\/event\/o-concello-de-trabada-e-a-asociacion-de-sendeirismo-trabada-paso-a-paso-presentan-o-programa-de-sendeirismo-para-os-proximos-meses\/\" title=\"O CONCELLO DE TRABADA E A ASOCIACI\u00d3N DE SENDEIRISMO TRABADA PASO A PASO PRESENTAN O PROGRAMA DE SENDEIRISMO PARA OS PR\u00d3XIMOS MESES\">\n\t<img decoding=\"async\" width=\"498\" height=\"600\" src=\"https:\/\/trabada.gal\/wp-content\/uploads\/2024\/10\/senderismo.jpg\" class=\"attachment-egovt_portfolio_thumb size-egovt_portfolio_thumb wp-post-image\" alt=\"\" srcset=\"https:\/\/trabada.gal\/wp-content\/uploads\/2024\/10\/senderismo.jpg 498w, https:\/\/trabada.gal\/wp-content\/uploads\/2024\/10\/senderismo-249x300.jpg 249w, https:\/\/trabada.gal\/wp-content\/uploads\/2024\/10\/senderismo-10x12.jpg 10w, https:\/\/trabada.gal\/wp-content\/uploads\/2024\/10\/senderismo-465x560.jpg 465w\" sizes=\"(max-width: 498px) 100vw, 498px\" \/><\/a>\n<\/div>\t\t\t<div class=\"event_post event_post_up\">\n\t\t\t\t\n<div class=\"post_cat\">\n\t<a class=\"event_type\" href=\"https:\/\/trabada.gal\/gl\/event_type\/entretenimiento\/\">Entretemento<\/a><\/div>\n\n\t\t\t\t\n<h2 class=\"second_font event_title\">\n\t<a href=\"https:\/\/trabada.gal\/gl\/event\/o-concello-de-trabada-e-a-asociacion-de-sendeirismo-trabada-paso-a-paso-presentan-o-programa-de-sendeirismo-para-os-proximos-meses\/\">\n\t\tO CONCELLO DE TRABADA E A ASOCIACI\u00d3N DE SENDEIRISMO TRABADA PASO A PASO PRESENTAN O PROGRAMA DE SENDEIRISMO PARA OS PR\u00d3XIMOS MESES\t<\/a>\n<\/h2>\t\t\t\t\t\t\t\t\t<div class=\"time-event\">\n\t\t\t\t\t\t\t\n\t<div class=\"time other-date\">\n\t\t<span class=\"icon-time\">\n\t\t\t<i data-feather=\"clock\"><\/i>\n\t\t\t<!-- <i class=\"far fa-clock icon_event\"><\/i> -->\n\t\t<\/span>\n\t\t<span class=\"time-date-child\">\n\t\t\t\t\t\t\t<span>23 de Xu\u00f1o de 2024 10:00 - <\/span>\n\t\t\t\t\t\t\t\t\t\t<span>10 de Novembro de 2024 10:00<\/span>\n\t\t\t\t\t<\/span>\n\t<\/div>\n\n\t\t\t\t\t\t\n\t<div class=\"venue\">\n\t\t\n\t\t<i data-feather=\"map-pin\"><\/i>\n\t\t\n\t\t<span class=\"number\">\n\t\t\tRutas de Senderismo\t\t<\/span>\n\t\t\n\t<\/div>\n\t\t\t\t\t<\/div>\n\t\t\t\t\t\t\t\t\n<div class=\"button_event\">\n\t<a class=\"view_detail second_font\" href=\"https:\/\/trabada.gal\/gl\/event\/o-concello-de-trabada-e-a-asociacion-de-sendeirismo-trabada-paso-a-paso-presentan-o-programa-de-sendeirismo-para-os-proximos-meses\/\">\n\t\tMore Details\t<\/a>\n<\/div>\t\t\t<\/div>\n\t\t<\/div>\n\t<\/div>\n<\/div>\n<div class=\"ovaev-content content-grid content-up\">\n\t<div class=\"item\">\n\t\t\n<div class=\"date-event\">\n\n\t<span class=\"date second_font\">\n\t\t15\t<\/span>\n\n\t<span class=\"month-year second_font\">\n\n\t\t<span class=\"month\">\n\t\t\tAgo\t\t<\/span>\n\t\t\n\t\t<span class=\"year\">\n\t\t\t2023\t\t<\/span>\n\n\t<\/span>\n\n<\/div>\n\n\t\t<div class=\"desc desc-up\">\n\t\t\t\n<div class=\"event-thumbnail event-thumbnail_up\" style=\"background-image: url(https:\/\/trabada.gal\/wp-content\/uploads\/2023\/08\/364673946_683161737183675_3971735051365543258_n-413x600.jpg);\">\n\t<a href=\"https:\/\/trabada.gal\/gl\/event\/serans-culturais-no-concello-de-trabada\/\" title=\"SER\u00c1NS CULTURAIS NO CONCELLO DE TRABADA\">\n\t<img decoding=\"async\" width=\"413\" height=\"600\" src=\"https:\/\/trabada.gal\/wp-content\/uploads\/2023\/08\/364673946_683161737183675_3971735051365543258_n-413x600.jpg\" class=\"attachment-egovt_portfolio_thumb size-egovt_portfolio_thumb wp-post-image\" alt=\"\" srcset=\"https:\/\/trabada.gal\/wp-content\/uploads\/2023\/08\/364673946_683161737183675_3971735051365543258_n-413x600.jpg 413w, https:\/\/trabada.gal\/wp-content\/uploads\/2023\/08\/364673946_683161737183675_3971735051365543258_n-207x300.jpg 207w, https:\/\/trabada.gal\/wp-content\/uploads\/2023\/08\/364673946_683161737183675_3971735051365543258_n-706x1024.jpg 706w, https:\/\/trabada.gal\/wp-content\/uploads\/2023\/08\/364673946_683161737183675_3971735051365543258_n-768x1115.jpg 768w, https:\/\/trabada.gal\/wp-content\/uploads\/2023\/08\/364673946_683161737183675_3971735051365543258_n-1058x1536.jpg 1058w, https:\/\/trabada.gal\/wp-content\/uploads\/2023\/08\/364673946_683161737183675_3971735051365543258_n-8x12.jpg 8w, https:\/\/trabada.gal\/wp-content\/uploads\/2023\/08\/364673946_683161737183675_3971735051365543258_n-386x560.jpg 386w, https:\/\/trabada.gal\/wp-content\/uploads\/2023\/08\/364673946_683161737183675_3971735051365543258_n-600x871.jpg 600w, https:\/\/trabada.gal\/wp-content\/uploads\/2023\/08\/364673946_683161737183675_3971735051365543258_n.jpg 1411w\" sizes=\"(max-width: 413px) 100vw, 413px\" \/><\/a>\n<\/div>\t\t\t<div class=\"event_post event_post_up\">\n\t\t\t\t\n<div class=\"post_cat\">\n\t<a class=\"event_type\" href=\"https:\/\/trabada.gal\/gl\/event_type\/entretenimiento\/\">Entretemento<\/a><\/div>\n\n\t\t\t\t\n<h2 class=\"second_font event_title\">\n\t<a href=\"https:\/\/trabada.gal\/gl\/event\/serans-culturais-no-concello-de-trabada\/\">\n\t\tSER\u00c1NS CULTURAIS NO CONCELLO DE TRABADA\t<\/a>\n<\/h2>\t\t\t\t\t\t\t\t\t<div class=\"time-event\">\n\t\t\t\t\t\t\t\n\t<div class=\"time other-date\">\n\t\t<span class=\"icon-time\">\n\t\t\t<i data-feather=\"clock\"><\/i>\n\t\t\t<!-- <i class=\"far fa-clock icon_event\"><\/i> -->\n\t\t<\/span>\n\t\t<span class=\"time-date-child\">\n\t\t\t\t\t\t\t<span>15 de Agosto de 2023 18:00 - <\/span>\n\t\t\t\t\t\t\t\t\t\t<span>16 de Agosto de 2023<\/span>\n\t\t\t\t\t<\/span>\n\t<\/div>\n\n\t\t\t\t\t\t\n\t\t\t\t\t<\/div>\n\t\t\t\t\t\t\t\t\n<div class=\"button_event\">\n\t<a class=\"view_detail second_font\" href=\"https:\/\/trabada.gal\/gl\/event\/serans-culturais-no-concello-de-trabada\/\">\n\t\tMore Details\t<\/a>\n<\/div>\t\t\t<\/div>\n\t\t<\/div>\n\t<\/div>\n<\/div>\n<div class=\"ovaev-content content-grid content-up\">\n\t<div class=\"item\">\n\t\t\n<div class=\"date-event\">\n\n\t<span class=\"date second_font\">\n\t\t13\t<\/span>\n\n\t<span class=\"month-year second_font\">\n\n\t\t<span class=\"month\">\n\t\t\tAgo\t\t<\/span>\n\t\t\n\t\t<span class=\"year\">\n\t\t\t2021\t\t<\/span>\n\n\t<\/span>\n\n<\/div>\n\n\t\t<div class=\"desc desc-up\">\n\t\t\t\n<div class=\"event-thumbnail event-thumbnail_up\" style=\"background-image: url(https:\/\/trabada.gal\/wp-content\/uploads\/2021\/08\/IMG-20210812-WA0034-424x600.jpg);\">\n\t<a href=\"https:\/\/trabada.gal\/gl\/event\/espectaculo-teatral-filipa-cos-contos\/\" title=\"Espect\u00e1culo teatral \u00abFILIPA COS CONTOS\u00bb\">\n\t<img loading=\"lazy\" decoding=\"async\" width=\"424\" height=\"600\" src=\"https:\/\/trabada.gal\/wp-content\/uploads\/2021\/08\/IMG-20210812-WA0034-424x600.jpg\" class=\"attachment-egovt_portfolio_thumb size-egovt_portfolio_thumb wp-post-image\" alt=\"\" srcset=\"https:\/\/trabada.gal\/wp-content\/uploads\/2021\/08\/IMG-20210812-WA0034-424x600.jpg 424w, https:\/\/trabada.gal\/wp-content\/uploads\/2021\/08\/IMG-20210812-WA0034-212x300.jpg 212w, https:\/\/trabada.gal\/wp-content\/uploads\/2021\/08\/IMG-20210812-WA0034-724x1024.jpg 724w, https:\/\/trabada.gal\/wp-content\/uploads\/2021\/08\/IMG-20210812-WA0034-768x1086.jpg 768w, https:\/\/trabada.gal\/wp-content\/uploads\/2021\/08\/IMG-20210812-WA0034-1086x1536.jpg 1086w, https:\/\/trabada.gal\/wp-content\/uploads\/2021\/08\/IMG-20210812-WA0034-8x12.jpg 8w, https:\/\/trabada.gal\/wp-content\/uploads\/2021\/08\/IMG-20210812-WA0034-396x560.jpg 396w, https:\/\/trabada.gal\/wp-content\/uploads\/2021\/08\/IMG-20210812-WA0034-600x849.jpg 600w, https:\/\/trabada.gal\/wp-content\/uploads\/2021\/08\/IMG-20210812-WA0034.jpg 1448w\" sizes=\"(max-width: 424px) 100vw, 424px\" \/><\/a>\n<\/div>\t\t\t<div class=\"event_post event_post_up\">\n\t\t\t\t\t\t\t\t\n<h2 class=\"second_font event_title\">\n\t<a href=\"https:\/\/trabada.gal\/gl\/event\/espectaculo-teatral-filipa-cos-contos\/\">\n\t\tEspect\u00e1culo teatral \u00abFILIPA COS CONTOS\u00bb\t<\/a>\n<\/h2>\t\t\t\t\t\t\t\t\t<div class=\"time-event\">\n\t\t\t\t\t\t\t\t\t\t\t\t\t\t\t\n\t<div class=\"time equal-date\">\n\t\t<span class=\"icon-time\">\n\t\t\t<i data-feather=\"clock\"><\/i>\n\t\t\t<!-- <i class=\"far fa-clock icon_event\"><\/i> -->\n\t\t<\/span>\n\t\t<span class=\"time-date-child\">\n\t\t\t\t\t\t\t<span class=\"date-child\">\n\t\t\t\t\t13 de Agosto de 2021 @\t\t\t\t<\/span>\n\t\t\t\t\t\t\t\t\t<span> 12:30<\/span>\n\t\t\t\t\t\t\t\t\t<\/span>\n\t<\/div>\n\n\t\t\t\t\t\t\n\t\t\t\t\t<\/div>\n\t\t\t\t\t\t\t\t\n<div class=\"button_event\">\n\t<a class=\"view_detail second_font\" href=\"https:\/\/trabada.gal\/gl\/event\/espectaculo-teatral-filipa-cos-contos\/\">\n\t\tMore Details\t<\/a>\n<\/div>\t\t\t<\/div>\n\t\t<\/div>\n\t<\/div>\n<\/div>\t<\/div>\n    <div class=\"title-readmore\">\n\t\t\t\t\t<div class=\"btn_up\">\n\t\t\t\t<a href=\"https:\/\/trabada.gal\/gl\/event\/\" class=\"read-more second_font btn_up_comming\" >\n\t\t\t\t\tMais eventos\t\t\t\t<\/a>\n\t\t\t<\/div>\n\t\t    <\/div>\n<\/div>\t\t\t\t<\/div>\n\t\t\t\t<\/div>\n\t\t\t\t\t<\/div>\n\t\t<\/div>\n\t\t\t\t\t<\/div>\n\t\t<\/section>\n\t\t\t\t<\/div>","protected":false},"excerpt":{"rendered":"<p>16 Dic 2021 Talleres Faith Forward Future \u2013 Social Awareness Seminar 16 de diciembre de 2021 @ 09:00 &#8211; 13:00 15 Champions Center, Crewey More Details 03 Dic 2021 Meeting City Innovation and Technology Committee Meeting 3 de diciembre de 2021 @ 13:00 &#8211; 15:00 Mastanow City Council More Details 23 Nov 2021 Health &amp; [&hellip;]<\/p>\n","protected":false},"author":1,"featured_media":0,"parent":0,"menu_order":0,"comment_status":"closed","ping_status":"closed","template":"","meta":{"footnotes":""},"class_list":["post-5616","page","type-page","status-publish","hentry"],"_links":{"self":[{"href":"https:\/\/trabada.gal\/gl\/wp-json\/wp\/v2\/pages\/5616","targetHints":{"allow":["GET"]}}],"collection":[{"href":"https:\/\/trabada.gal\/gl\/wp-json\/wp\/v2\/pages"}],"about":[{"href":"https:\/\/trabada.gal\/gl\/wp-json\/wp\/v2\/types\/page"}],"author":[{"embeddable":true,"href":"https:\/\/trabada.gal\/gl\/wp-json\/wp\/v2\/users\/1"}],"replies":[{"embeddable":true,"href":"https:\/\/trabada.gal\/gl\/wp-json\/wp\/v2\/comments?post=5616"}],"version-history":[{"count":0,"href":"https:\/\/trabada.gal\/gl\/wp-json\/wp\/v2\/pages\/5616\/revisions"}],"wp:attachment":[{"href":"https:\/\/trabada.gal\/gl\/wp-json\/wp\/v2\/media?parent=5616"}],"curies":[{"name":"wp","href":"https:\/\/api.w.org\/{rel}","templated":true}]}}